{"id":139,"date":"2014-05-17T09:24:47","date_gmt":"2014-05-17T08:24:47","guid":{"rendered":"http:\/\/philippe-lambert-journaliste.be\/?page_id=139"},"modified":"2024-10-01T09:04:16","modified_gmt":"2024-10-01T08:04:16","slug":"references-4","status":"publish","type":"page","link":"https:\/\/philippe-lambert-journaliste.be\/?page_id=139","title":{"rendered":"R\u00e9f\u00e9rences"},"content":{"rendered":"<p><code><\/code><\/p>\n<h1><span style=\"font-family: Verdana;\">JOURNAUX ET MAGAZINES<\/span><\/h1>\n<p><span style=\"font-family: Verdana;\">\u00a0<\/span><\/p>\n<h2><span style=\"font-family: Verdana;\">De nombreuses publications ont accueilli ma signature.<\/span><\/h2>\n<p><span style=\"font-family: Verdana;\">\u00a0<\/span><\/p>\n<h3><span style=\"font-family: Verdana;\">En Belgique<\/span><\/h3>\n<p class=\"MsoNormal\" style=\"text-align: left; padding-left: 20px;\"><i style=\"font-family: Verdana; font-size: 14px;\">Le Vif\/L&rsquo;Express, Athena, Neurone, Moustique, L&rsquo;Instant, T\u00e9l\u00e9pro, La Wallonie, Sport 90,<br \/>\nSport Magazine, Foot Magazine,\u00a0Park-Mail, Le Soir Magazine, Interm\u00e9diaire, Acta Humoristica,<br \/>\nBelgian Business, Trends-Tendances, M\u00e9diconomie, Ma Sant\u00e9, R\u00e9ussir, Tihange Contact,<br \/>\nLi\u00e8ge Universit\u00e9, L&rsquo;Hebdo V\u00e9t\u00e9rinaire, Le Quinzi\u00e8me Jour, Entreprendre, La Lettre du FNRS,<br \/>\nIBM Informations, Tempo M\u00e9dical, Le Monde M\u00e9dical Hebdo, EOS, La Semaine M\u00e9dicale,<br \/>\nNeuropsy, \u00c9quilibre, Le G\u00e9n\u00e9raliste, M\u00e9decine esth\u00e9tique et cosm\u00e9tologie, Biomarker,<br \/>\nCobas, Prevent Focus, Belgian Oncology News, Patient Care Neuropsychiatrie, Percentile,<br \/>\nFNRS News, Live Style, Vaisseaux-C\u0153ur-Poumons, M\u00e9di-Sph\u00e8re, Urologic, Bodytalk,<br \/>\nLe Journal du M\u00e9decin, Citadoc<br \/>\n<\/i><\/p>\n<h3><span style=\"font-family: Verdana;\">En France<\/span><\/h3>\n<p style=\"padding-left: 20px;\"><span style=\"font-family: Verdana; color: #000000; font-weight: normal; font-size: 14px;\"><i>Sciences Humaines,<\/i> <i>Les Grands Dossiers des Sciences Humaines,<\/i> <i>Science &amp; Vie, La Recherche,<br \/>\nScience Illustr\u00e9e, Sport et Vie, La Semaine V\u00e9t\u00e9rinaire, Le Dauphin\u00e9 Lib\u00e9r\u00e9, VSD, L&rsquo;Equipe Magazine,<br \/>\nSciences et Avenir, Lib\u00e9ration,\u00a0Eur\u00eaka, Le Monde de l&rsquo;Intelligence,<br \/>\n\u00c7a m&rsquo;int\u00e9resse, La Revue Avicole, Match Mag Rh\u00f4ne-Alpes, Kin\u00e9 News, LPG Mag,<br \/>\nLPG News, Le Cercle Psy, La Vie, Le Quotidien du M\u00e9decin<\/i><\/span><\/p>\n<p><span style=\"font-family: Verdana;\">\u00a0<\/span><\/p>\n<h3><span style=\"font-family: Verdana;\">En Suisse<\/span><\/h3>\n<p style=\"padding-left: 20px;\"><span style=\"font-family: Verdana, Geneva, Arial, Helvetica, sans-serif; color: #000000; font-weight: normal; font-size: 14px;\"><i style=\"font-family: Verdana;\">La Suisse, Foot Hebdo, Match Mag, L&rsquo;Impact, Vous,<br \/>\nBouquet, Le Sillon Romand, La Revue Automobile, L&rsquo;Echo Magazine,<br \/>\nLa Tribune de Gen\u00e8ve, Le Journal de Gen\u00e8ve\/Gazette de Lausanne<\/i><\/span><\/p>\n<p><span style=\"font-family: Verdana; font-size: 14px;\">\u00a0<\/span><\/p>\n<h3><span style=\"font-family: Verdana;\">Au Grand-Duch\u00e9 de Luxembourg<\/span><\/h3>\n<p class=\"MsoNormal\" style=\"margin-left: 36pt; text-align: justify; text-indent: -18pt;\"><!-- [if !supportLists]--><\/p>\n<p class=\"MsoNormal\" style=\"margin-left: 18pt; text-align: justify;\"><i style=\"font-family: Verdana; font-size: 14px;\">T\u00e9l\u00e9cran, La Semaine M\u00e9dicale Luxembourgeoise<\/i><\/p>\n<p><span style=\"font-family: Verdana;\">\u00a0<\/span><\/p>\n<h3><span style=\"font-family: Verdana;\">Au Canada<\/span><\/h3>\n<p class=\"MsoNormal\" style=\"margin-left: 36pt; text-align: justify; text-indent: -18pt;\"><!-- [if !supportLists]--><\/p>\n<p class=\"MsoNormal\" style=\"margin-left: 18pt; text-align: justify;\"><i style=\"font-family: Verdana; font-size: 14px;\">Astronomie-Qu\u00e9bec<\/i><\/p>\n<p><span style=\"font-family: Verdana;\">\u00a0<\/span><\/p>\n<h3><span style=\"font-family: Verdana;\">Traductions<\/span><\/h3>\n<ul>\n<li><span style=\"font-size: 14px;\"><span style=\"font-weight: bold;\">Belgique<\/span>\u00a0: <em>Het Medisch Weekblad<\/em>, <em>Neuropsy<\/em>, <em>Tempo M\u00e9dical<\/em>, <em>Belgian\u00a0Oncology News<\/em> (en n\u00e9erlandais)<br \/>\n<\/span><\/li>\n<li><span style=\"font-size: 14px;\"><span style=\"font-weight: bold;\">Italie<\/span>\u00a0: <em>Scienza &amp; Vita<\/em><br \/>\n<\/span><\/li>\n<li><span style=\"font-size: 14px;\"><span style=\"font-weight: bold;\">Suisse<\/span> : <em>Automobil Revue\u00a0<\/em>(en allemand)<br \/>\n<\/span><\/li>\n<li><span style=\"font-size: 14px;\"><span style=\"font-weight: bold;\">Allemagne<\/span>\u00a0: <em>Kicker<\/em><br \/>\n<\/span><\/li>\n<li><span style=\"font-size: 14px;\"><span style=\"font-weight: bold;\">Espagne<\/span>\u00a0: <em>Ciencia &amp; Vida<\/em><br \/>\n<\/span><\/li>\n<li><span style=\"font-size: 14px;\"><span style=\"font-weight: bold;\">Portugal<\/span>\u00a0: <em>Noticias<\/em><br \/>\n<\/span><\/li>\n<li><span style=\"font-size: 14px;\"><span style=\"font-weight: bold;\">Br\u00e9sil<\/span>\u00a0: <em>Superinteressante<\/em><br \/>\n<\/span><\/li>\n<li><span style=\"font-size: 14px;\"><span style=\"font-weight: bold;\">Pays-Bas<\/span> : <em>Inzicht<\/em><\/span><\/li>\n<\/ul>\n<h1><span style=\"font-family: Verdana;\"><b><span style=\"font-family: Verdana;\">SITES INTERNET<\/span><\/b><\/span><\/h1>\n<ul>\n<li><span style=\"font-size: 14px;\"><span style=\"color: #303030; font-family: Verdana;\">Collaborateur du site Internet <i>R\u00e9flexions<\/i> de l&rsquo;Universit\u00e9 de Li\u00e8ge<\/span><br \/>\n<\/span><\/li>\n<li><span style=\"font-size: 14px;\"><span style=\"color: #303030; font-family: Verdana;\">Collaborateur du site Internet <i>Le Cercle Psy<\/i> de <i>Sciences Humaines<\/i> (Auxerre)<\/span><br \/>\n<\/span><\/li>\n<li><span style=\"font-size: 14px;\"><span style=\"color: #303030; font-family: Verdana;\">Collaborateur du site Internet <i>La Semaine M\u00e9dicale Digitale<\/i> (Bruxelles)<\/span><br \/>\n<\/span><\/li>\n<li><span style=\"color: #303030; font-family: Verdana; font-size: 14px;\">Collaborateur du site Internet <i>Tempo Digital<\/i> (Bruxelles)<\/span><\/li>\n<\/ul>\n<p><span style=\"font-family: Verdana;\">\u00a0<\/span><\/p>\n<h1><span style=\"font-family: Verdana;\">LIVRES<\/span><\/h1>\n<ul>\n<li><span style=\"font-size: 14px;\"><span style=\"font-family: Verdana;\">Auteur de <i>Le Collectionneur de soupirs<\/i> (<i>Weyrich \u00c9dition<\/i>), roman.<\/span><br \/>\n<\/span><\/li>\n<li><span style=\"font-size: 14px;\"><span style=\"font-family: Verdana;\">Auteur de <i>Pilotes de Formule 1, l&rsquo;\u00e9preuve des hommes<\/i> (<i>Calmann-L\u00e9vy<\/i>).<br \/>\nPr\u00e9fac\u00e9 par Alain Prost, cet essai, \u00e9galement publi\u00e9 en traduction en Slovaquie<br \/>\net en Tch\u00e9quie, consiste en une \u00e9tude de la composante humaine de la Formule 1 &#8211;<br \/>\napproche m\u00e9dicale, psychologique, sociologique et philosophique.<\/span><br \/>\n<\/span><\/li>\n<li><span style=\"font-size: 14px;\"><span style=\"font-family: Verdana;\">Coauteur de <i>L&rsquo;intelligence de l&rsquo;enfant, le regard des psychologues,<\/i> ouvrage collectif (<i>\u00c9ditions\u00a0<\/i><i>Sciences Humaines<\/i>). R\u00e9\u00e9dition poche.<\/span><br \/>\n<\/span><\/li>\n<li><span style=\"font-family: Verdana; font-size: 14px;\">Coauteur de <i>La Morale\u00a0&#8211; \u00c9thique et sciences humaines<\/i>, ouvrage collectif (<i>\u00c9ditions<\/i> <i>Sciences Humaines<\/i>).<\/span><\/li>\n<li><span style=\"font-family: Verdana; font-size: 14px;\">Coauteur de <i>D\u00e9mence et perte cognitive<\/i>, ouvrage collectif (<i>\u00c9ditions<\/i> <i>De Boeck<\/i>).<\/span><\/li>\n<li><span style=\"font-family: Verdana; font-size: 14px;\">Coauteur de <i>La Motivation<\/i>, ouvrage collectif (<i>\u00c9ditions<\/i> <i>Sciences Humaines<\/i>).<\/span><\/li>\n<li><span style=\"font-family: Verdana; font-size: 14px;\">Coauteur de <i>Les s\u00e9parations parentales conflictuelles. Cons\u00e9quences, enjeux et prises en charge<\/i>, ouvrage collectif (<i>\u00c9ditions<\/i> <i>De Boeck<\/i>).<\/span><\/li>\n<li><span style=\"font-family: Verdana; font-size: 14px;\">Coauteur de <i>La Psychologie de l&rsquo;enfant en 30 questions<\/i>, ouvrage collectif (<i>\u00c9ditions<\/i> <i>Sciences Humaines<\/i>).<\/span><\/li>\n<li><span style=\"font-family: Verdana; font-size: 14px;\">Coauteur de <i>Psychologie des \u00e9motions<\/i>, ouvrage collectif (<i>\u00c9ditions<\/i> <i>Sciences Humaines<\/i>).<\/span><\/li>\n<li><span style=\"font-family: Verdana; font-size: 14px;\">Coauteur de <i>Regards crois\u00e9s sur le burn-out<\/i>, ouvrage collectif (<i>Les \u00c9ditions du Panth\u00e9on<\/i>).<\/span><\/li>\n<\/ul>\n<p><span style=\"font-family: Verdana;\">\u00a0<\/span><\/p>\n<h1><span style=\"font-family: Verdana;\">DIVERS<\/span><\/h1>\n<ul>\n<li><span style=\"font-size: 14px;\"><span style=\"font-family: Verdana;\">Collaborateur du service de presse et communication de l&rsquo;Universit\u00e9 de Li\u00e8ge<\/span><br \/>\n<\/span><\/li>\n<li><span style=\"font-size: 14px;\"><span style=\"font-family: Verdana;\">Collaborateur de la soci\u00e9t\u00e9 <i>Roche Diagnostics Belgium<\/i> (Bruxelles)<\/span><br \/>\n<\/span><\/li>\n<li><span style=\"font-size: 14px;\"><span style=\"font-family: Verdana;\">R\u00e9dacteur d&rsquo;un opuscule destin\u00e9 aux cadres de la soci\u00e9t\u00e9 <i>Rh\u00f4ne-Poulenc<\/i> (Paris)<\/span><br \/>\n<\/span><\/li>\n<li><span style=\"font-size: 14px;\"><span style=\"font-family: Verdana;\">Collaborateur de l&rsquo;agence de presse <i>S\u00e9quoia<\/i> (Paris)<\/span><br \/>\n<\/span><\/li>\n<li><span style=\"font-size: 14px;\"><span style=\"font-family: Verdana;\">Collaborateur de l&rsquo;<i>Institut biom\u00e9dical Sports et Vie<\/i> (Maisons-Laffitte)<\/span><br \/>\n<\/span><\/li>\n<li><span style=\"font-size: 14px;\"><span style=\"font-family: Verdana;\">Collaborateur de la soci\u00e9t\u00e9 <i>Vielife<\/i> <span lang=\"FR\">(Maisons-Laffitte)<\/span><\/span><br \/>\n<\/span><\/li>\n<li><span style=\"font-size: 14px;\"><span style=\"font-family: Verdana;\">Collaborateur de l&rsquo;agence <i>Piette Communication<\/i> (Li\u00e8ge)<\/span><br \/>\n<\/span><\/li>\n<li><span style=\"font-family: Verdana; font-size: 14px;\">R\u00e9dacteur de textes de vulgarisation scientifique pour la soci\u00e9t\u00e9 <i>LPG Systems<\/i> (Valence)<\/span><\/li>\n<li><span style=\"font-family: Verdana; font-size: 14px;\">Collaborateur de l&rsquo;agence de communication <i>M\u00e9diafix<\/i> (Clermont-Ferrand)<\/span><\/li>\n<li><span style=\"font-family: Verdana; font-size: 14px;\">Collaborateur de la soci\u00e9t\u00e9 Viatris (Hoeilaart)<\/span><\/li>\n<\/ul>\n","protected":false},"excerpt":{"rendered":"<p>JOURNAUX ET MAGAZINES \u00a0 De nombreuses publications ont accueilli ma signature. \u00a0 En Belgique Le Vif\/L&rsquo;Express, Athena, Neurone, Moustique, L&rsquo;Instant, T\u00e9l\u00e9pro, La Wallonie, Sport 90, Sport Magazine, Foot Magazine,\u00a0Park-Mail, Le Soir Magazine, Interm\u00e9diaire, Acta Humoristica, Belgian Business, Trends-Tendances, M\u00e9diconomie, Ma Sant\u00e9, R\u00e9ussir, Tihange Contact, Li\u00e8ge Universit\u00e9, L&rsquo;Hebdo V\u00e9t\u00e9rinaire, Le Quinzi\u00e8me Jour, Entreprendre, La Lettre du [&hellip;]<\/p>\n","protected":false},"author":1,"featured_media":0,"parent":0,"menu_order":2,"comment_status":"closed","ping_status":"open","template":"","meta":{"footnotes":""},"class_list":["post-139","page","type-page","status-publish","hentry"],"_links":{"self":[{"href":"https:\/\/philippe-lambert-journaliste.be\/index.php?rest_route=\/wp\/v2\/pages\/139","targetHints":{"allow":["GET"]}}],"collection":[{"href":"https:\/\/philippe-lambert-journaliste.be\/index.php?rest_route=\/wp\/v2\/pages"}],"about":[{"href":"https:\/\/philippe-lambert-journaliste.be\/index.php?rest_route=\/wp\/v2\/types\/page"}],"author":[{"embeddable":true,"href":"https:\/\/philippe-lambert-journaliste.be\/index.php?rest_route=\/wp\/v2\/users\/1"}],"replies":[{"embeddable":true,"href":"https:\/\/philippe-lambert-journaliste.be\/index.php?rest_route=%2Fwp%2Fv2%2Fcomments&post=139"}],"version-history":[{"count":35,"href":"https:\/\/philippe-lambert-journaliste.be\/index.php?rest_route=\/wp\/v2\/pages\/139\/revisions"}],"predecessor-version":[{"id":390,"href":"https:\/\/philippe-lambert-journaliste.be\/index.php?rest_route=\/wp\/v2\/pages\/139\/revisions\/390"}],"wp:attachment":[{"href":"https:\/\/philippe-lambert-journaliste.be\/index.php?rest_route=%2Fwp%2Fv2%2Fmedia&parent=139"}],"curies":[{"name":"wp","href":"https:\/\/api.w.org\/{rel}","templated":true}]}}